{"id":4563,"date":"2021-03-01T18:41:21","date_gmt":"2021-03-01T16:41:21","guid":{"rendered":"https:\/\/corteospitale.org\/site\/?page_id=4563"},"modified":"2021-03-12T16:33:33","modified_gmt":"2021-03-12T14:33:33","slug":"rosa-coltiviamo-bellezza","status":"publish","type":"page","link":"https:\/\/corteospitale.org\/site\/it\/rosa-coltiviamo-bellezza\/","title":{"rendered":"Rosa. Coltiviamo bellezza"},"content":{"rendered":"<h1 class=\"p1\"><span class=\"s1\"><em>Rosa. Coltiviamo bellezza<\/em>&nbsp;&nbsp;\u00e8 un nuovo progetto ideato e promosso da La Corte Ospitale:&nbsp;un momento condiviso, di riflessione, di teatro e comunit\u00e0.<\/span><\/h1>\n<p>Dopo questo periodo di sospensione vogliamo riprendere da voi e con voi.<\/p>\n<p>Ci piacerebbe iniziare a&nbsp;<strong>parlare di teatro e di futuro insieme: spettatori, pubblico, operatori, comunit\u00e0<\/strong>. Per sentire la vostra opinione, dire la nostra e procedere verso un orizzonte condiviso.<\/p>\n<p>Il percorso si svilupper\u00e0 in un ciclo di&nbsp;<strong>sei incontri<\/strong>&nbsp;che avranno luogo ogni mercoled\u00ec a partire dal 3 giugno, dalle ore 18 alle ore 19.30. Il primo incontro sar\u00e0 su Zoom, piattaforma che ci ha accompagnato in questa quarantena.<\/p>\n<p><strong>Parleremo insieme di teatro, di cultura, di partecipazione, in un dialogo aperto fra sogni, scommesse e nuovi inizi<\/strong>. Al centro ci saranno gli sguardi di ognuno: sguardi aperti, sguardi nascosti, sguardi poetici, sguardi reali.<\/p>\n<p>Questo percorso \u00e8 aperto a tutti, non \u00e8 necessario avere una preparazione specifica o essere appassionati di teatro. Cerchiamo curiosit\u00e0 e voglia di condividere sguardi e riflessioni, per essere una comunit\u00e0 che si trova a riflettere e a costruire.<\/p>\n<p>\u00c8 possibile iscriversi telefonicamente chiamando il numero 0522621133, whatsapp 3282911077 oppure scrivendo una mail all\u2019indirizzo formazione.corteospitale@gmail.com, in cui inserire tutti i contatti (dati anagrafici, residenza, cellulare ed email) e raccontandoci in poche parole perch\u00e8 ti piacerebbe partecipare a questo percorso.<\/p>\n<p>Scadenza iscrizioni 30 maggio 2020.<\/p>\n<p>Per informazioni:<br \/>\nemail &gt;&gt;&nbsp;<a href=\"mailto:formazione.corteospitale@gmail.com\">formazione.corteospitale@gmail.com<br \/>\n<\/a>telefono &gt;&gt;&nbsp; 0522621133<br \/>\nwhatsapp &gt;&gt; 3282911077<\/p>\n","protected":false},"excerpt":{"rendered":"<p>Rosa. Coltiviamo bellezza&nbsp;&nbsp;\u00e8 un nuovo progetto ideato e promosso da La Corte Ospitale:&nbsp;un momento condiviso, di riflessione, di teatro e comunit\u00e0. Dopo questo periodo di sospensione vogliamo riprendere da voi e con voi. Ci piacerebbe iniziare a&nbsp;parlare di teatro e &hellip;<\/p>\n","protected":false},"author":1,"featured_media":4716,"parent":288,"menu_order":0,"comment_status":"closed","ping_status":"closed","template":"template_it_pagina_normale.php","meta":{"_acf_changed":false,"ngg_post_thumbnail":0,"footnotes":"","_links_to":"","_links_to_target":""},"class_list":["post-4563","page","type-page","status-publish","has-post-thumbnail","hentry"],"acf":[],"yoast_head":"<!-- This site is optimized with the Yoast SEO plugin v24.7 - https:\/\/yoast.com\/wordpress\/plugins\/seo\/ -->\n<title>Rosa. Coltiviamo bellezza - LA CORTE OSPITALE<\/title>\n<meta name=\"robots\" content=\"index, follow, max-snippet:-1, max-image-preview:large, max-video-preview:-1\" \/>\n<link rel=\"canonical\" href=\"https:\/\/corteospitale.org\/site\/it\/rosa-coltiviamo-bellezza\/\" \/>\n<meta property=\"og:locale\" content=\"it_IT\" \/>\n<meta property=\"og:type\" content=\"article\" \/>\n<meta property=\"og:title\" content=\"Rosa. Coltiviamo bellezza - LA CORTE OSPITALE\" \/>\n<meta property=\"og:description\" content=\"Rosa. Coltiviamo bellezza&nbsp;&nbsp;\u00e8 un nuovo progetto ideato e promosso da La Corte Ospitale:&nbsp;un momento condiviso, di riflessione, di teatro e comunit\u00e0. Dopo questo periodo di sospensione vogliamo riprendere da voi e con voi. Ci piacerebbe iniziare a&nbsp;parlare di teatro e &hellip;\" \/>\n<meta property=\"og:url\" content=\"https:\/\/corteospitale.org\/site\/it\/rosa-coltiviamo-bellezza\/\" \/>\n<meta property=\"og:site_name\" content=\"LA CORTE OSPITALE\" \/>\n<meta property=\"article:publisher\" content=\"https:\/\/www.facebook.com\/corteospitale\" \/>\n<meta property=\"article:modified_time\" content=\"2021-03-12T14:33:33+00:00\" \/>\n<meta property=\"og:image\" content=\"https:\/\/corteospitale.org\/site\/wp-content\/uploads\/2021\/03\/coltiviamo-bellezza.png\" \/>\n\t<meta property=\"og:image:width\" content=\"1080\" \/>\n\t<meta property=\"og:image:height\" content=\"1080\" \/>\n\t<meta property=\"og:image:type\" content=\"image\/png\" \/>\n<meta name=\"twitter:card\" content=\"summary_large_image\" \/>\n<meta name=\"twitter:label1\" content=\"Tempo di lettura stimato\" \/>\n\t<meta name=\"twitter:data1\" content=\"1 minuto\" \/>\n<script type=\"application\/ld+json\" class=\"yoast-schema-graph\">{\"@context\":\"https:\/\/schema.org\",\"@graph\":[{\"@type\":\"WebPage\",\"@id\":\"https:\/\/corteospitale.org\/site\/it\/rosa-coltiviamo-bellezza\/\",\"url\":\"https:\/\/corteospitale.org\/site\/it\/rosa-coltiviamo-bellezza\/\",\"name\":\"Rosa. Coltiviamo bellezza - LA CORTE OSPITALE\",\"isPartOf\":{\"@id\":\"https:\/\/corteospitale.org\/site\/#website\"},\"primaryImageOfPage\":{\"@id\":\"https:\/\/corteospitale.org\/site\/it\/rosa-coltiviamo-bellezza\/#primaryimage\"},\"image\":{\"@id\":\"https:\/\/corteospitale.org\/site\/it\/rosa-coltiviamo-bellezza\/#primaryimage\"},\"thumbnailUrl\":\"https:\/\/corteospitale.org\/site\/wp-content\/uploads\/2021\/03\/coltiviamo-bellezza.png\",\"datePublished\":\"2021-03-01T16:41:21+00:00\",\"dateModified\":\"2021-03-12T14:33:33+00:00\",\"breadcrumb\":{\"@id\":\"https:\/\/corteospitale.org\/site\/it\/rosa-coltiviamo-bellezza\/#breadcrumb\"},\"inLanguage\":\"it-IT\",\"potentialAction\":[{\"@type\":\"ReadAction\",\"target\":[\"https:\/\/corteospitale.org\/site\/it\/rosa-coltiviamo-bellezza\/\"]}]},{\"@type\":\"ImageObject\",\"inLanguage\":\"it-IT\",\"@id\":\"https:\/\/corteospitale.org\/site\/it\/rosa-coltiviamo-bellezza\/#primaryimage\",\"url\":\"https:\/\/corteospitale.org\/site\/wp-content\/uploads\/2021\/03\/coltiviamo-bellezza.png\",\"contentUrl\":\"https:\/\/corteospitale.org\/site\/wp-content\/uploads\/2021\/03\/coltiviamo-bellezza.png\",\"width\":1080,\"height\":1080},{\"@type\":\"BreadcrumbList\",\"@id\":\"https:\/\/corteospitale.org\/site\/it\/rosa-coltiviamo-bellezza\/#breadcrumb\",\"itemListElement\":[{\"@type\":\"ListItem\",\"position\":1,\"name\":\"Home\",\"item\":\"https:\/\/corteospitale.org\/site\/\"},{\"@type\":\"ListItem\",\"position\":2,\"name\":\"it\",\"item\":\"https:\/\/corteospitale.org\/site\/it\/\"},{\"@type\":\"ListItem\",\"position\":3,\"name\":\"Rosa. Coltiviamo bellezza\"}]},{\"@type\":\"WebSite\",\"@id\":\"https:\/\/corteospitale.org\/site\/#website\",\"url\":\"https:\/\/corteospitale.org\/site\/\",\"name\":\"LA CORTE OSPITALE\",\"description\":\"\",\"publisher\":{\"@id\":\"https:\/\/corteospitale.org\/site\/#organization\"},\"potentialAction\":[{\"@type\":\"SearchAction\",\"target\":{\"@type\":\"EntryPoint\",\"urlTemplate\":\"https:\/\/corteospitale.org\/site\/?s={search_term_string}\"},\"query-input\":{\"@type\":\"PropertyValueSpecification\",\"valueRequired\":true,\"valueName\":\"search_term_string\"}}],\"inLanguage\":\"it-IT\"},{\"@type\":\"Organization\",\"@id\":\"https:\/\/corteospitale.org\/site\/#organization\",\"name\":\"Corte Ospitale\",\"url\":\"https:\/\/corteospitale.org\/site\/\",\"logo\":{\"@type\":\"ImageObject\",\"inLanguage\":\"it-IT\",\"@id\":\"https:\/\/corteospitale.org\/site\/#\/schema\/logo\/image\/\",\"url\":\"\",\"contentUrl\":\"\",\"caption\":\"Corte Ospitale\"},\"image\":{\"@id\":\"https:\/\/corteospitale.org\/site\/#\/schema\/logo\/image\/\"},\"sameAs\":[\"https:\/\/www.facebook.com\/corteospitale\",\"https:\/\/www.instagram.com\/corteospitale\/\",\"https:\/\/www.youtube.com\/user\/LaCorteOspitale1\"]}]}<\/script>\n<!-- \/ Yoast SEO plugin. -->","yoast_head_json":{"title":"Rosa. Coltiviamo bellezza - LA CORTE OSPITALE","robots":{"index":"index","follow":"follow","max-snippet":"max-snippet:-1","max-image-preview":"max-image-preview:large","max-video-preview":"max-video-preview:-1"},"canonical":"https:\/\/corteospitale.org\/site\/it\/rosa-coltiviamo-bellezza\/","og_locale":"it_IT","og_type":"article","og_title":"Rosa. Coltiviamo bellezza - LA CORTE OSPITALE","og_description":"Rosa. Coltiviamo bellezza&nbsp;&nbsp;\u00e8 un nuovo progetto ideato e promosso da La Corte Ospitale:&nbsp;un momento condiviso, di riflessione, di teatro e comunit\u00e0. Dopo questo periodo di sospensione vogliamo riprendere da voi e con voi. Ci piacerebbe iniziare a&nbsp;parlare di teatro e &hellip;","og_url":"https:\/\/corteospitale.org\/site\/it\/rosa-coltiviamo-bellezza\/","og_site_name":"LA CORTE OSPITALE","article_publisher":"https:\/\/www.facebook.com\/corteospitale","article_modified_time":"2021-03-12T14:33:33+00:00","og_image":[{"width":1080,"height":1080,"url":"https:\/\/corteospitale.org\/site\/wp-content\/uploads\/2021\/03\/coltiviamo-bellezza.png","type":"image\/png"}],"twitter_card":"summary_large_image","twitter_misc":{"Tempo di lettura stimato":"1 minuto"},"schema":{"@context":"https:\/\/schema.org","@graph":[{"@type":"WebPage","@id":"https:\/\/corteospitale.org\/site\/it\/rosa-coltiviamo-bellezza\/","url":"https:\/\/corteospitale.org\/site\/it\/rosa-coltiviamo-bellezza\/","name":"Rosa. Coltiviamo bellezza - LA CORTE OSPITALE","isPartOf":{"@id":"https:\/\/corteospitale.org\/site\/#website"},"primaryImageOfPage":{"@id":"https:\/\/corteospitale.org\/site\/it\/rosa-coltiviamo-bellezza\/#primaryimage"},"image":{"@id":"https:\/\/corteospitale.org\/site\/it\/rosa-coltiviamo-bellezza\/#primaryimage"},"thumbnailUrl":"https:\/\/corteospitale.org\/site\/wp-content\/uploads\/2021\/03\/coltiviamo-bellezza.png","datePublished":"2021-03-01T16:41:21+00:00","dateModified":"2021-03-12T14:33:33+00:00","breadcrumb":{"@id":"https:\/\/corteospitale.org\/site\/it\/rosa-coltiviamo-bellezza\/#breadcrumb"},"inLanguage":"it-IT","potentialAction":[{"@type":"ReadAction","target":["https:\/\/corteospitale.org\/site\/it\/rosa-coltiviamo-bellezza\/"]}]},{"@type":"ImageObject","inLanguage":"it-IT","@id":"https:\/\/corteospitale.org\/site\/it\/rosa-coltiviamo-bellezza\/#primaryimage","url":"https:\/\/corteospitale.org\/site\/wp-content\/uploads\/2021\/03\/coltiviamo-bellezza.png","contentUrl":"https:\/\/corteospitale.org\/site\/wp-content\/uploads\/2021\/03\/coltiviamo-bellezza.png","width":1080,"height":1080},{"@type":"BreadcrumbList","@id":"https:\/\/corteospitale.org\/site\/it\/rosa-coltiviamo-bellezza\/#breadcrumb","itemListElement":[{"@type":"ListItem","position":1,"name":"Home","item":"https:\/\/corteospitale.org\/site\/"},{"@type":"ListItem","position":2,"name":"it","item":"https:\/\/corteospitale.org\/site\/it\/"},{"@type":"ListItem","position":3,"name":"Rosa. Coltiviamo bellezza"}]},{"@type":"WebSite","@id":"https:\/\/corteospitale.org\/site\/#website","url":"https:\/\/corteospitale.org\/site\/","name":"LA CORTE OSPITALE","description":"","publisher":{"@id":"https:\/\/corteospitale.org\/site\/#organization"},"potentialAction":[{"@type":"SearchAction","target":{"@type":"EntryPoint","urlTemplate":"https:\/\/corteospitale.org\/site\/?s={search_term_string}"},"query-input":{"@type":"PropertyValueSpecification","valueRequired":true,"valueName":"search_term_string"}}],"inLanguage":"it-IT"},{"@type":"Organization","@id":"https:\/\/corteospitale.org\/site\/#organization","name":"Corte Ospitale","url":"https:\/\/corteospitale.org\/site\/","logo":{"@type":"ImageObject","inLanguage":"it-IT","@id":"https:\/\/corteospitale.org\/site\/#\/schema\/logo\/image\/","url":"","contentUrl":"","caption":"Corte Ospitale"},"image":{"@id":"https:\/\/corteospitale.org\/site\/#\/schema\/logo\/image\/"},"sameAs":["https:\/\/www.facebook.com\/corteospitale","https:\/\/www.instagram.com\/corteospitale\/","https:\/\/www.youtube.com\/user\/LaCorteOspitale1"]}]}},"_links":{"self":[{"href":"https:\/\/corteospitale.org\/site\/wp-json\/wp\/v2\/pages\/4563","targetHints":{"allow":["GET"]}}],"collection":[{"href":"https:\/\/corteospitale.org\/site\/wp-json\/wp\/v2\/pages"}],"about":[{"href":"https:\/\/corteospitale.org\/site\/wp-json\/wp\/v2\/types\/page"}],"author":[{"embeddable":true,"href":"https:\/\/corteospitale.org\/site\/wp-json\/wp\/v2\/users\/1"}],"replies":[{"embeddable":true,"href":"https:\/\/corteospitale.org\/site\/wp-json\/wp\/v2\/comments?post=4563"}],"version-history":[{"count":4,"href":"https:\/\/corteospitale.org\/site\/wp-json\/wp\/v2\/pages\/4563\/revisions"}],"predecessor-version":[{"id":4719,"href":"https:\/\/corteospitale.org\/site\/wp-json\/wp\/v2\/pages\/4563\/revisions\/4719"}],"up":[{"embeddable":true,"href":"https:\/\/corteospitale.org\/site\/wp-json\/wp\/v2\/pages\/288"}],"wp:featuredmedia":[{"embeddable":true,"href":"https:\/\/corteospitale.org\/site\/wp-json\/wp\/v2\/media\/4716"}],"wp:attachment":[{"href":"https:\/\/corteospitale.org\/site\/wp-json\/wp\/v2\/media?parent=4563"}],"curies":[{"name":"wp","href":"https:\/\/api.w.org\/{rel}","templated":true}]}}